{"id":1022,"date":"2018-11-21T09:05:08","date_gmt":"2018-11-21T09:05:08","guid":{"rendered":"https:\/\/www.perlino.com\/?page_id=1022"},"modified":"2026-01-08T08:31:46","modified_gmt":"2026-01-08T08:31:46","slug":"produccion-vino-espumoso","status":"publish","type":"page","link":"https:\/\/www.perlino.com\/es\/produccion-vino-espumoso\/","title":{"rendered":"Establecimiento"},"content":{"rendered":"<p>[vc_row css_animation=\u00bb\u00bb row_type=\u00bbrow\u00bb use_row_as_full_screen_section=\u00bbno\u00bb type=\u00bbgrid\u00bb angled_section=\u00bbno\u00bb text_align=\u00bbleft\u00bb background_image_as_pattern=\u00bbwithout_pattern\u00bb padding_top=\u00bb55&#8243; z_index=\u00bb\u00bb][vc_column width=\u00bb1\/2&#8243;][vc_column_text]La hist\u00f3rica f\u00e1brica ha sido recientemente objeto de importantes renovaciones. Actualmente, el sitio de producci\u00f3n cuenta con <strong>3 l\u00edneas de embotellado<\/strong>: una dedicada a la producci\u00f3n de Vermut, Cremas y Vinos Aromatizados, una para la producci\u00f3n de Vinos Espumosos y otra reservada para producciones de peque\u00f1o nicho, para una capacidad de embotellado de <strong>m\u00e1s de 100.000 botellas por d\u00eda<\/strong>. las bodegas de espumosos y verm\u00faes, Perlino gestiona m\u00e1s de <strong>130.000 HL<\/strong> al a\u00f1o.<\/p>\n<p>&nbsp;<\/p>\n<p><span style=\"text-decoration: underline;\"><a href=\"https:\/\/www.youtube.com\/watch?v=GQuTojj0PuI\" target=\"_blank\" rel=\"noopener\">Ver el v\u00eddeo de Maspack en colaboraci\u00f3n con Perlino Spa<\/a><\/span>[\/vc_column_text][\/vc_column][vc_column width=\u00bb1\/2&#8243;][vc_gallery interval=\u00bb3&#8243; images=\u00bb600,847,798&#8243; img_size=\u00bbfull\u00bb][\/vc_column][\/vc_row][vc_row css_animation=\u00bb\u00bb row_type=\u00bbrow\u00bb use_row_as_full_screen_section=\u00bbno\u00bb type=\u00bbgrid\u00bb angled_section=\u00bbno\u00bb text_align=\u00bbleft\u00bb background_image_as_pattern=\u00bbwithout_pattern\u00bb z_index=\u00bb\u00bb][vc_column width=\u00bb1\/2&#8243;][vc_gallery interval=\u00bb3&#8243; images=\u00bb837,838,839&#8243; img_size=\u00bbfull\u00bb][\/vc_column][vc_column width=\u00bb1\/2&#8243;][vc_column_text]En 2018 fue realizado un\u00a0<strong>nuevo dep\u00f3sito con 3000 m2<\/strong>\u00a0de superficie, con capacidad de almacenaje de m\u00e1s de 4.000 paletas y equipado con un moderno y eficaz sistema de\u00a0<strong>control de la temperatura<\/strong>, de manera de garantizar siempre el ambiente ideal para la conservaci\u00f3n de los productos.<br \/>\nEn 2022 se abri\u00f3 otro almac\u00e9n del mismo tama\u00f1o.[\/vc_column_text][\/vc_column][\/vc_row][vc_row css_animation=\u00bb\u00bb row_type=\u00bbrow\u00bb use_row_as_full_screen_section=\u00bbno\u00bb type=\u00bbgrid\u00bb angled_section=\u00bbno\u00bb text_align=\u00bbleft\u00bb background_image_as_pattern=\u00bbwithout_pattern\u00bb padding_top=\u00bb5&#8243; z_index=\u00bb\u00bb][vc_column][vc_column_text]<a id=\"certificazioni\" name=\"certificazioni\"><\/a>[\/vc_column_text][vc_text_separator title=\u00bbCERTIFICAZIONI\u00bb i_icon_material=\u00bbvc-material vc-material-check_box\u00bb border=\u00bbno\u00bb title_color=\u00bb#000000&#8243; background_color=\u00bb#ffffff\u00bb][vc_empty_space height=\u00bb20px\u00bb][vc_column_text]El compromiso de Perlino en materia de calidad se ha visto concretizado, desde hace ya muchos a\u00f1os, con la obtenci\u00f3n de prestigiosas certificaciones expedidas por organismos acreditados, tales como <strong>\u00a0IFS, BRC<\/strong>.\u00a0<span lang=\"ES\">El portafolio se enriquece con la certificaci\u00f3n BIOL\u00d3GICA.<\/span>[\/vc_column_text][\/vc_column][\/vc_row][vc_row css_animation=\u00bb\u00bb row_type=\u00bbrow\u00bb use_row_as_full_screen_section=\u00bbno\u00bb type=\u00bbgrid\u00bb angled_section=\u00bbno\u00bb text_align=\u00bbcenter\u00bb background_image_as_pattern=\u00bbwithout_pattern\u00bb z_index=\u00bb\u00bb css=\u00bb.vc_custom_1602840094120{padding-top: 20px !important;}\u00bb][vc_column width=\u00bb1\/4&#8243;][vc_single_image image=\u00bb2728&#8243; img_size=\u00bb180&#215;145&#8243; onclick=\u00bbcustom_link\u00bb qode_css_animation=\u00bb\u00bb link=\u00bbhttps:\/\/www.perlino.com\/wp-content\/uploads\/2026\/01\/BRC_exp-05.04.26.pdf\u00bb][\/vc_column][vc_column width=\u00bb1\/4&#8243;][vc_single_image image=\u00bb504&#8243; img_size=\u00bb180&#215;145&#8243; alignment=\u00bbcenter\u00bb onclick=\u00bbcustom_link\u00bb img_link_target=\u00bb_blank\u00bb qode_css_animation=\u00bb\u00bb link=\u00bbhttps:\/\/www.perlino.com\/wp-content\/uploads\/2026\/01\/BRC_exp-05.04.26.pdf\u00bb][\/vc_column][vc_column width=\u00bb1\/4&#8243;][vc_single_image image=\u00bb2420&#8243; img_size=\u00bb180&#215;145&#8243; alignment=\u00bbcenter\u00bb onclick=\u00bbcustom_link\u00bb img_link_target=\u00bb_blank\u00bb qode_css_animation=\u00bb\u00bb link=\u00bbhttps:\/\/www.perlino.com\/wp-content\/uploads\/2026\/01\/25_PERLINO-BIO_exp-2028.pdf\u00bb][\/vc_column][\/vc_row][vc_row css_animation=\u00bb\u00bb row_type=\u00bbrow\u00bb use_row_as_full_screen_section=\u00bbno\u00bb type=\u00bbgrid\u00bb angled_section=\u00bbno\u00bb text_align=\u00bbcenter\u00bb background_image_as_pattern=\u00bbwithout_pattern\u00bb padding_top=\u00bb55&#8243; padding_bottom=\u00bb55&#8243; z_index=\u00bb\u00bb][vc_column][vc_column_text]La implementaci\u00f3n de un\u00a0<a href=\"https:\/\/www.perlino.com\/wp-content\/uploads\/2023\/03\/Codice-Etico-Perlino-Rev.-1-08.03.2023.pdf\" target=\"_blank\" rel=\"noopener\"><strong><u>c\u00f3digo \u00e9tico empresarial<\/u><\/strong><\/a>\u00a0y de una\u00a0<a href=\"https:\/\/www.perlino.com\/wp-content\/uploads\/2023\/03\/Politica-della-qualita.pdf\" target=\"_blank\" rel=\"noopener\"><strong><u>pol\u00edtica de calidad<\/u><\/strong><\/a>, contempla adem\u00e1s una respuesta adecuadas a las normas de comportamiento exigidas por los propios clientes.[\/vc_column_text][\/vc_column][\/vc_row]<\/p>\n","protected":false},"excerpt":{"rendered":"<p>[vc_row css_animation=\u00bb\u00bb row_type=\u00bbrow\u00bb use_row_as_full_screen_section=\u00bbno\u00bb type=\u00bbgrid\u00bb angled_section=\u00bbno\u00bb text_align=\u00bbleft\u00bb background_image_as_pattern=\u00bbwithout_pattern\u00bb padding_top=\u00bb55&#8243; z_index=\u00bb\u00bb][vc_column width=\u00bb1\/2&#8243;][vc_column_text]La hist\u00f3rica f\u00e1brica ha sido recientemente objeto de importantes renovaciones. Actualmente, el sitio de producci\u00f3n cuenta con 3 l\u00edneas de embotellado: una dedicada a la producci\u00f3n de Vermut, Cremas y Vinos Aromatizados, una para la&#8230;<\/p>\n","protected":false},"author":1,"featured_media":0,"parent":0,"menu_order":0,"comment_status":"closed","ping_status":"closed","template":"","meta":[],"_links":{"self":[{"href":"https:\/\/www.perlino.com\/es\/wp-json\/wp\/v2\/pages\/1022\/"}],"collection":[{"href":"https:\/\/www.perlino.com\/es\/wp-json\/wp\/v2\/pages\/"}],"about":[{"href":"https:\/\/www.perlino.com\/es\/wp-json\/wp\/v2\/types\/page\/"}],"author":[{"embeddable":true,"href":"https:\/\/www.perlino.com\/es\/wp-json\/wp\/v2\/users\/1\/"}],"replies":[{"embeddable":true,"href":"https:\/\/www.perlino.com\/es\/wp-json\/wp\/v2\/comments\/?post=1022"}],"version-history":[{"count":35,"href":"https:\/\/www.perlino.com\/es\/wp-json\/wp\/v2\/pages\/1022\/revisions\/"}],"predecessor-version":[{"id":3128,"href":"https:\/\/www.perlino.com\/es\/wp-json\/wp\/v2\/pages\/1022\/revisions\/3128\/"}],"wp:attachment":[{"href":"https:\/\/www.perlino.com\/es\/wp-json\/wp\/v2\/media\/?parent=1022"}],"curies":[{"name":"wp","href":"https:\/\/api.w.org\/{rel}","templated":true}]}}